{"id":86,"date":"2023-11-07T16:22:21","date_gmt":"2023-11-07T15:22:21","guid":{"rendered":"https:\/\/italiaue.esteri.it\/chi-siamo\/il-rappresentante-permanente\/"},"modified":"2026-02-02T11:29:05","modified_gmt":"2026-02-02T10:29:05","slug":"il-rappresentante-permanente","status":"publish","type":"page","link":"https:\/\/italiaue.esteri.it\/fr\/chi-siamo\/il-rappresentante-permanente\/","title":{"rendered":"Le Repr\u00e9sentant Permanent"},"content":{"rendered":"<h2><img loading=\"lazy\" decoding=\"async\" class=\"alignnone wp-image-1164 img-fluid\" src=\"https:\/\/italiaue.esteri.it\/wp-content\/uploads\/2023\/04\/ookmyvmu.bmp\" alt=\"\" width=\"160\" height=\"213\" \/><\/h2>\n<h4><span id=\"page37R_mcid1\" class=\"markedContent\"><span dir=\"ltr\" role=\"presentation\">Ambassadeu<\/span><span dir=\"ltr\" role=\"presentation\">r<\/span> <span dir=\"ltr\" role=\"presentation\">Vincenzo Celeste<\/span><\/span><\/h4>\n<p><span id=\"page37R_mcid2\" class=\"markedContent\"><\/span><span id=\"page37R_mcid3\" class=\"markedContent\"><br role=\"presentation\" \/><span dir=\"ltr\" role=\"presentation\">N\u00e9 \u00e0<\/span> <span dir=\"ltr\" role=\"presentation\">Naples<\/span> <span dir=\"ltr\" role=\"presentation\">le<\/span> <span dir=\"ltr\" role=\"presentation\">6<\/span> <span dir=\"ltr\" role=\"presentation\">septembre<\/span> <span dir=\"ltr\" role=\"presentation\">1962. L<\/span><span dir=\"ltr\" role=\"presentation\">icenci\u00e9 en<\/span> <span dir=\"ltr\" role=\"presentation\">Droit<\/span> <span dir=\"ltr\" role=\"presentation\">aupr\u00e8s de l\u2019Universit\u00e9 Federico II de Naples le<\/span> <span dir=\"ltr\" role=\"presentation\">9 <\/span><span dir=\"ltr\" role=\"presentation\">juillet<\/span> <span dir=\"ltr\" role=\"presentation\">1987, i<\/span><span dir=\"ltr\" role=\"presentation\">l a rejoint le service diplomatique le<\/span> <span dir=\"ltr\" role=\"presentation\">13<\/span> <span dir=\"ltr\" role=\"presentation\">f\u00e9vrier<\/span> <span dir=\"ltr\" role=\"presentation\">1989.<\/span><\/span><\/p>\n<p><span id=\"page37R_mcid4\" class=\"markedContent\"><\/span><span id=\"page37R_mcid5\" class=\"markedContent\"><span dir=\"ltr\" role=\"presentation\">A partir du<\/span> <span dir=\"ltr\" role=\"presentation\">4<\/span> <span dir=\"ltr\" role=\"presentation\">novembre<\/span> <span dir=\"ltr\" role=\"presentation\">1989<\/span><span dir=\"ltr\" role=\"presentation\">, il a travaill\u00e9 \u00e0 la<\/span> <span dir=\"ltr\" role=\"presentation\">Direction G\u00e9n\u00e9rale de l\u2019Emigration et des Affaires sociales, <\/span><span dir=\"ltr\" role=\"presentation\">d&#8217;abord au Bureau des Italiens des Am\u00e9riques et d&#8217;Oc\u00e9anie, et ensuite au Secr\u00e9tariat de la m\u00eame <\/span><span dir=\"ltr\" role=\"presentation\">Direction G\u00e9n\u00e9rale.<\/span><\/span><\/p>\n<p><span id=\"page37R_mcid6\" class=\"markedContent\"><\/span><span id=\"page37R_mcid7\" class=\"markedContent\"><span dir=\"ltr\" role=\"presentation\">Le 3 mai 1993, il a \u00e9t\u00e9<\/span> <span dir=\"ltr\" role=\"presentation\">nomm\u00e9 Deuxi\u00e8me S<\/span><span dir=\"ltr\" role=\"presentation\">ecr\u00e9taire<\/span> <span dir=\"ltr\" role=\"presentation\">aupr\u00e8s<\/span> <span dir=\"ltr\" role=\"presentation\">de l&#8217;Ambassade d&#8217;Ital<\/span><span dir=\"ltr\" role=\"presentation\">ie \u00e0 Damas.<\/span><\/span><\/p>\n<p><span id=\"page37R_mcid8\" class=\"markedContent\"><\/span><span id=\"page37R_mcid9\" class=\"markedContent\"><span dir=\"ltr\" role=\"presentation\">Du 21 juillet 1997 il<\/span> <span dir=\"ltr\" role=\"presentation\">est<\/span> <span dir=\"ltr\" role=\"presentation\">P<\/span><span dir=\"ltr\" role=\"presentation\">remier<\/span> <span dir=\"ltr\" role=\"presentation\">Secr\u00e9taire<\/span> <span dir=\"ltr\" role=\"presentation\">et<\/span> <span dir=\"ltr\" role=\"presentation\">puis<\/span> <span dir=\"ltr\" role=\"presentation\">C<\/span><span dir=\"ltr\" role=\"presentation\">onseiller<\/span> <span dir=\"ltr\" role=\"presentation\">\u00e0<\/span> <span dir=\"ltr\" role=\"presentation\">l&#8217;A<\/span><span dir=\"ltr\" role=\"presentation\">mbassade d&#8217;Italie \u00e0 Sofia.<\/span><\/span><span id=\"page37R_mcid10\" class=\"markedContent\"><\/span><span id=\"page37R_mcid11\" class=\"markedContent\"><br role=\"presentation\" \/><\/span><\/p>\n<p><span id=\"page37R_mcid11\" class=\"markedContent\"><span dir=\"ltr\" role=\"presentation\">\u00c0 son retour \u00e0 Rome, en d\u00e9cembre 2000, i<\/span><span dir=\"ltr\" role=\"presentation\">l<\/span> <span dir=\"ltr\" role=\"presentation\">est<\/span> <span dir=\"ltr\" role=\"presentation\">affect\u00e9 \u00e0 la Direction G\u00e9n\u00e9rale des Affaires Politiques <\/span><span dir=\"ltr\" role=\"presentation\">Multilat\u00e9rales et des Droits de l&#8217;Homme, Bur<\/span><span dir=\"ltr\" role=\"presentation\">eau du D<\/span><span dir=\"ltr\" role=\"presentation\">\u00e9sarmement et, \u00e0 partir du 3<\/span> <span dir=\"ltr\" role=\"presentation\">septembre 2002, au <\/span><span dir=\"ltr\" role=\"presentation\">Secr\u00e9tariat G<\/span><span dir=\"ltr\" role=\"presentation\">\u00e9n\u00e9ral, Unit\u00e9 de C<\/span><span dir=\"ltr\" role=\"presentation\">oordination.<\/span><\/span><\/p>\n<p><span id=\"page37R_mcid12\" class=\"markedContent\"><\/span><span id=\"page37R_mcid13\" class=\"markedContent\"><span dir=\"ltr\" role=\"presentation\">Conseiller d&#8217;Ambassade le 2 juillet 2004, il est affect\u00e9 le 19 septembre 2005<\/span><\/span><span id=\"page37R_mcid14\" class=\"markedContent\"> <span dir=\"ltr\" role=\"presentation\">\u00e0<\/span><\/span><span id=\"page37R_mcid15\" class=\"markedContent\"><\/span><span id=\"page37R_mcid16\" class=\"markedContent\"> <span dir=\"ltr\" role=\"presentation\">la Repr\u00e9sentation <\/span><\/span><span id=\"page37R_mcid17\" class=\"markedContent\"><span dir=\"ltr\" role=\"presentation\">Permanente de l&#8217;Italie<\/span><\/span><span id=\"page37R_mcid18\" class=\"markedContent\"> <span dir=\"ltr\" role=\"presentation\">aupr\u00e8s de l&#8217;UE<\/span><\/span><span id=\"page37R_mcid19\" class=\"markedContent\"><\/span><span id=\"page37R_mcid20\" class=\"markedContent\"> <span dir=\"ltr\" role=\"presentation\">\u00e0 Bruxelles, avec le grade de<\/span><\/span><strong><span id=\"page37R_mcid21\" class=\"markedContent\"> <span dir=\"ltr\" role=\"presentation\">Premier Conseiller<\/span><\/span><\/strong><span id=\"page37R_mcid22\" class=\"markedContent\"><span dir=\"ltr\" role=\"presentation\">.<\/span><\/span><\/p>\n<p><span id=\"page37R_mcid23\" class=\"markedContent\"><\/span><span id=\"page37R_mcid25\" class=\"markedContent\"><span dir=\"ltr\" role=\"presentation\">De retour \u00e0 Rome en 2010, il a exerc\u00e9 ses fonctions<\/span><\/span><span id=\"page37R_mcid26\" class=\"markedContent\"><span dir=\"ltr\" role=\"presentation\">,<\/span><\/span><span id=\"page37R_mcid27\" class=\"markedContent\"><\/span><span id=\"page37R_mcid28\" class=\"markedContent\"> <span dir=\"ltr\" role=\"presentation\">d\u00e9tach\u00e9 aupr\u00e8s de la Pr\u00e9sidence du Conseil des <\/span><\/span><span id=\"page37R_mcid29\" class=\"markedContent\"><span dir=\"ltr\" role=\"presentation\">Ministres<\/span><\/span><span id=\"page37R_mcid30\" class=\"markedContent\"><span dir=\"ltr\" role=\"presentation\">,<\/span><\/span><span id=\"page37R_mcid31\" class=\"markedContent\"><\/span><span id=\"page37R_mcid32\" class=\"markedContent\"> <span dir=\"ltr\" role=\"presentation\">en qualit\u00e9 de Coordinateur de la Mission de Structure pour les Proc\u00e9dures d&#8217;infraction au <\/span><\/span><span id=\"page37R_mcid33\" class=\"markedContent\"><span dir=\"ltr\" role=\"presentation\">droi<\/span><\/span><span id=\"page37R_mcid34\" class=\"markedContent\"><span dir=\"ltr\" role=\"presentation\">t communautaire.<\/span><\/span><\/p>\n<p><strong><span id=\"page37R_mcid37\" class=\"markedContent\"><span dir=\"ltr\" role=\"presentation\">Ministre pl\u00e9nipotentiaire<\/span><\/span><\/strong><span id=\"page37R_mcid38\" class=\"markedContent\"><\/span><span id=\"page37R_mcid39\" class=\"markedContent\"> <span dir=\"ltr\" role=\"presentation\">le 2 janvier 2011, il est nomm\u00e9 Conseiller Diplomatique du Ministre des <\/span><\/span><span id=\"page37R_mcid40\" class=\"markedContent\"><span dir=\"ltr\" role=\"presentation\">Affaires europ\u00e9ennes \u00e0 partir de fin 2011.<\/span><\/span><span id=\"page37R_mcid41\" class=\"markedContent\"><\/span><span id=\"page37R_mcid42\" class=\"markedContent\"><\/span><span id=\"page37R_mcid43\" class=\"markedContent\"><br role=\"presentation\" \/><\/span><\/p>\n<p><span id=\"page37R_mcid43\" class=\"markedContent\"><span dir=\"ltr\" role=\"presentation\">Le 27 juin 2013, il<\/span><\/span><span id=\"page37R_mcid44\" class=\"markedContent\"> <span dir=\"ltr\" role=\"presentation\">est<\/span><\/span><span id=\"page37R_mcid45\" class=\"markedContent\"><\/span><span id=\"page37R_mcid46\" class=\"markedContent\"> <span dir=\"ltr\" role=\"presentation\">nomm\u00e9 Chef de Mission Adjoint \u00e0 l&#8217;Ambassade \u00e0 Londres et le 10 juillet 201<\/span><\/span><span id=\"page37R_mcid47\" class=\"markedContent\"><span dir=\"ltr\" role=\"presentation\">8 Chef <\/span><\/span><span id=\"page37R_mcid48\" class=\"markedContent\"><span dir=\"ltr\" role=\"presentation\">de Cabinet Adjoint du Ministre des Affaires \u00e9trang\u00e8res et de la Coop\u00e9ration internationale.<\/span><\/span><span id=\"page37R_mcid49\" class=\"markedContent\"><\/span><span id=\"page37R_mcid50\" class=\"markedContent\"><\/span><span id=\"page37R_mcid51\" class=\"markedContent\"><br role=\"presentation\" \/><\/span><\/p>\n<p><span id=\"page37R_mcid51\" class=\"markedContent\"><span dir=\"ltr\" role=\"presentation\">Le 31 ao\u00fbt 2019, il<\/span><\/span><span id=\"page37R_mcid52\" class=\"markedContent\"> <span dir=\"ltr\" role=\"presentation\">est<\/span><\/span><span id=\"page37R_mcid53\" class=\"markedContent\"><\/span><span id=\"page37R_mcid54\" class=\"markedContent\"> <span dir=\"ltr\" role=\"presentation\">nomm\u00e9<\/span><\/span><strong><span id=\"page37R_mcid55\" class=\"markedContent\"> <span dir=\"ltr\" role=\"presentation\">Directeur G\u00e9n\u00e9ral pour l&#8217;Europe et la Politique commerciale <\/span><\/span><\/strong><span id=\"page37R_mcid56\" class=\"markedContent\"><span dir=\"ltr\" role=\"presentation\"><strong>internationale<\/strong>.<\/span><\/span><span id=\"page37R_mcid57\" class=\"markedContent\"><\/span><span id=\"page37R_mcid58\" class=\"markedContent\"><\/span><span id=\"page37R_mcid59\" class=\"markedContent\"><br role=\"presentation\" \/><\/span><\/p>\n<p><span id=\"page37R_mcid59\" class=\"markedContent\"><span dir=\"ltr\" role=\"presentation\">A partir du<\/span><\/span><span id=\"page37R_mcid60\" class=\"markedContent\"><\/span><span id=\"page37R_mcid61\" class=\"markedContent\"> <span dir=\"ltr\" role=\"presentation\">17 avril 2023, il e<\/span><\/span><span id=\"page37R_mcid62\" class=\"markedContent\"><span dir=\"ltr\" role=\"presentation\">st<\/span><\/span><span id=\"page37R_mcid63\" class=\"markedContent\"><\/span><strong><span id=\"page37R_mcid64\" class=\"markedContent\"> <span dir=\"ltr\" role=\"presentation\">Repr\u00e9sentant<\/span><\/span><span id=\"page37R_mcid65\" class=\"markedContent\"> <span dir=\"ltr\" role=\"presentation\">Permanent de l&#8217;Italie aupr\u00e8s de l&#8217;Union Europ\u00e9enne<\/span><\/span><\/strong><span id=\"page37R_mcid66\" class=\"markedContent\"><span dir=\"ltr\" role=\"presentation\">.<\/span><\/span><span id=\"page37R_mcid67\" class=\"markedContent\"><\/span><span id=\"page37R_mcid68\" class=\"markedContent\"><\/span><span id=\"page37R_mcid69\" class=\"markedContent\"><\/span><span id=\"page37R_mcid70\" class=\"markedContent\"><\/span><span id=\"page37R_mcid71\" class=\"markedContent\"><br role=\"presentation\" \/><\/span><\/p>\n<p><span id=\"page3R_mcid81\" class=\"markedContent\"><span dir=\"ltr\" role=\"presentation\">Le 2 janvier 2025<span id=\"page37R_mcid51\" class=\"markedContent\"> il<\/span><span id=\"page37R_mcid52\" class=\"markedContent\"> est<\/span><span id=\"page37R_mcid53\" class=\"markedContent\"><\/span><span id=\"page37R_mcid54\" class=\"markedContent\"> nomm\u00e9<\/span><span id=\"page37R_mcid55\" class=\"markedContent\"> <\/span><strong>Ambassadeur<\/strong><\/span><\/span><span id=\"page37R_mcid71\" class=\"markedContent\"><span dir=\"ltr\" role=\"presentation\">.<\/p>\n<p>D\u00e9<\/span><\/span><span id=\"page37R_mcid72\" class=\"markedContent\"><span dir=\"ltr\" role=\"presentation\">coration honorifique<\/span><\/span><span id=\"page37R_mcid73\" class=\"markedContent\"><span dir=\"ltr\" role=\"presentation\">:<\/span><\/span><span id=\"page37R_mcid74\" class=\"markedContent\"><\/span><span id=\"page37R_mcid75\" class=\"markedContent\"><\/span><span id=\"page37R_mcid76\" class=\"markedContent\"><br role=\"presentation\" \/><em><span dir=\"ltr\" role=\"presentation\">\u201c<\/span><\/em><\/span><em><span id=\"page37R_mcid77\" class=\"markedContent\"><span dir=\"ltr\" role=\"presentation\">Comm<\/span><\/span><span id=\"page37R_mcid78\" class=\"markedContent\"><span dir=\"ltr\" role=\"presentation\">andeur<\/span><\/span><span id=\"page37R_mcid79\" class=\"markedContent\"><span dir=\"ltr\" role=\"presentation\">\u201d<\/span><\/span><span id=\"page37R_mcid80\" class=\"markedContent\"><\/span><span id=\"page37R_mcid81\" class=\"markedContent\"> <span dir=\"ltr\" role=\"presentation\">de l<\/span><\/span><span id=\"page37R_mcid82\" class=\"markedContent\"><span dir=\"ltr\" role=\"presentation\">\u2019Or<\/span><\/span><span id=\"page37R_mcid83\" class=\"markedContent\"><span dir=\"ltr\" role=\"presentation\">d<\/span><\/span><span id=\"page37R_mcid84\" class=\"markedContent\"><span dir=\"ltr\" role=\"presentation\">r<\/span><\/span><span id=\"page37R_mcid85\" class=\"markedContent\"><span dir=\"ltr\" role=\"presentation\">e<\/span><\/span><span id=\"page37R_mcid86\" class=\"markedContent\"> <span dir=\"ltr\" role=\"presentation\">du M\u00e9rite de la<\/span><\/span><span id=\"page37R_mcid87\" class=\"markedContent\"> <span dir=\"ltr\" role=\"presentation\">R<\/span><\/span><span id=\"page37R_mcid88\" class=\"markedContent\"><span dir=\"ltr\" role=\"presentation\">\u00e9publique italienne<\/span><\/span><span id=\"page37R_mcid89\" class=\"markedContent\"><span dir=\"ltr\" role=\"presentation\">, 2021<\/span><\/span><\/em><\/p>\n","protected":false},"excerpt":{"rendered":"Ambassadeur Vincenzo Celeste N\u00e9 \u00e0 Naples le 6 septembre 1962. Licenci\u00e9 en Droit aupr\u00e8s de l\u2019Universit\u00e9 Federico II de Naples le 9 juillet 1987, il a rejoint le service diplomatique le 13 f\u00e9vrier 1989. A partir du 4 novembre 1989, il a travaill\u00e9 \u00e0 la Direction G\u00e9n\u00e9rale de l\u2019Emigration et des Affaires sociales, d&#8217;abord au [&hellip;]","protected":false},"author":4,"featured_media":0,"parent":26,"menu_order":0,"comment_status":"closed","ping_status":"closed","template":"","meta":{"footnotes":""},"class_list":["post-86","page","type-page","status-publish","hentry"],"_links":{"self":[{"href":"https:\/\/italiaue.esteri.it\/fr\/wp-json\/wp\/v2\/pages\/86","targetHints":{"allow":["GET"]}}],"collection":[{"href":"https:\/\/italiaue.esteri.it\/fr\/wp-json\/wp\/v2\/pages"}],"about":[{"href":"https:\/\/italiaue.esteri.it\/fr\/wp-json\/wp\/v2\/types\/page"}],"author":[{"embeddable":true,"href":"https:\/\/italiaue.esteri.it\/fr\/wp-json\/wp\/v2\/users\/4"}],"replies":[{"embeddable":true,"href":"https:\/\/italiaue.esteri.it\/fr\/wp-json\/wp\/v2\/comments?post=86"}],"version-history":[{"count":1,"href":"https:\/\/italiaue.esteri.it\/fr\/wp-json\/wp\/v2\/pages\/86\/revisions"}],"predecessor-version":[{"id":6521,"href":"https:\/\/italiaue.esteri.it\/fr\/wp-json\/wp\/v2\/pages\/86\/revisions\/6521"}],"up":[{"embeddable":true,"href":"https:\/\/italiaue.esteri.it\/fr\/wp-json\/wp\/v2\/pages\/26"}],"wp:attachment":[{"href":"https:\/\/italiaue.esteri.it\/fr\/wp-json\/wp\/v2\/media?parent=86"}],"curies":[{"name":"wp","href":"https:\/\/api.w.org\/{rel}","templated":true}]}}